{"id":39,"date":"2022-03-25T16:52:25","date_gmt":"2022-03-25T19:52:25","guid":{"rendered":"https:\/\/memolutas.univasf.edu.br\/?page_id=39"},"modified":"2022-04-26T11:44:40","modified_gmt":"2022-04-26T14:44:40","slug":"docentes","status":"publish","type":"page","link":"https:\/\/memolutas.univasf.edu.br\/index.php\/docentes\/","title":{"rendered":"Docentes"},"content":{"rendered":"<h2 style=\"text-align: center;\">Adalton Marques<\/h2>\n<p><img decoding=\"async\" loading=\"lazy\" class=\"size-medium wp-image-320 aligncenter\" src=\"https:\/\/memolutas.univasf.edu.br\/wp-content\/uploads\/2022\/04\/20190607_150356-225x300.jpg\" alt=\"\" width=\"225\" height=\"300\" srcset=\"https:\/\/memolutas.univasf.edu.br\/wp-content\/uploads\/2022\/04\/20190607_150356-225x300.jpg 225w, https:\/\/memolutas.univasf.edu.br\/wp-content\/uploads\/2022\/04\/20190607_150356-768x1024.jpg 768w, https:\/\/memolutas.univasf.edu.br\/wp-content\/uploads\/2022\/04\/20190607_150356-1152x1536.jpg 1152w, https:\/\/memolutas.univasf.edu.br\/wp-content\/uploads\/2022\/04\/20190607_150356-1536x2048.jpg 1536w, https:\/\/memolutas.univasf.edu.br\/wp-content\/uploads\/2022\/04\/20190607_150356-scaled.jpg 1920w\" sizes=\"(max-width: 225px) 100vw, 225px\" \/><\/p>\n<p align=\"justify\">Professor do Colegiado de Ci\u00eancias Sociais da Universidade Federal do Vale do S\u00e3o Francisco (UNIVASF). Doutor em Antropologia Social pela Universidade Federal de S\u00e3o Carlos (UFSCar). Mestre em Antropologia Social pela Universidade de S\u00e3o Paulo (USP). Graduado em Sociologia e Pol\u00edtica pela Funda\u00e7\u00e3o Escola de Sociologia e Pol\u00edtica de S\u00e3o Paulo (FESPSP). \u00c9 pesquisador do Hybris &#8211; Grupo de Estudo e Pesquisa em Rela\u00e7\u00f5es de Poder, Conflitos e Socialidades (USP\/UFSCar) e faz parte da rede NuAP &#8211; N\u00facleo de Antropologia da Pol\u00edtica (Museu Nacional, UFRJ). Foi presidente da SINDUNIVASF &#8211; Se\u00e7\u00e3o Sindical dos Docentes da Universidade Federal do Vale do S\u00e3o Francisco durante o bi\u00eanio 2018-2020. Pesquisa correla\u00e7\u00f5es entre: 1) expans\u00e3o agr\u00e1rio-energ\u00e9tica, forma\u00e7\u00e3o de periferias e expans\u00e3o policial-penitenci\u00e1ria; 2) pol\u00edticas de direitos humanos, controles democr\u00e1ticos e seguran\u00e7a p\u00fablica; 3) saberes e estrat\u00e9gias de presos, &#8216;comandos&#8217; prisionais e controles penitenci\u00e1rios.<\/p>\n<h2 style=\"text-align: center;\">Delcides Marques<\/h2>\n<p><img decoding=\"async\" loading=\"lazy\" class=\"size-medium wp-image-137 aligncenter\" src=\"https:\/\/memolutas.univasf.edu.br\/wp-content\/uploads\/2022\/03\/Foto-delcides-279x300.png\" alt=\"\" width=\"279\" height=\"300\" srcset=\"https:\/\/memolutas.univasf.edu.br\/wp-content\/uploads\/2022\/03\/Foto-delcides-279x300.png 279w, https:\/\/memolutas.univasf.edu.br\/wp-content\/uploads\/2022\/03\/Foto-delcides-951x1024.png 951w, https:\/\/memolutas.univasf.edu.br\/wp-content\/uploads\/2022\/03\/Foto-delcides-768x827.png 768w, https:\/\/memolutas.univasf.edu.br\/wp-content\/uploads\/2022\/03\/Foto-delcides.png 1309w\" sizes=\"(max-width: 279px) 100vw, 279px\" \/><\/p>\n<p align=\"justify\">Professor de Antropologia na Universidade Federal do Vale do S\u00e3o Francisco (UNIVASF). Doutor em Antropologia Social pela Universidade Estadual de Campinas (UNICAMP) e Graduado em Sociologia e Pol\u00edtica pela Funda\u00e7\u00e3o Escola de Sociologia e Pol\u00edtica de S\u00e3o Paulo (FESPSP).\u00a0 Membro do KRISIS \u2013 Laborat\u00f3rio de Antropologia, Filosofia e Pol\u00edtica. Pesquisador das seguintes intersec\u00e7\u00f5es : (1) pol\u00edtica, toler\u00e2ncia e liberdade; (2) exegese, tradu\u00e7\u00e3o e filologia; e (3) moralidade, prega\u00e7\u00e3o e miss\u00e3o. Participa do projeto MemoLutas com contribui\u00e7\u00f5es vinculadas \u00e0s experi\u00eancias religiosas de enfrentamento e luta por direitos no Vale do Subm\u00e9dio S\u00e3o Francisco, com destaque para: (1) teologia da liberta\u00e7\u00e3o e Dom Jos\u00e9 Rodrigues; (2) lutas sociais protestantes; (3) dilemas de toler\u00e2ncia e intoler\u00e2ncia; e (4) desafios das religi\u00f5es afro-brasileiras.<\/p>\n<h2 style=\"text-align: center;\" align=\"justify\">Gabriel Pugliese Cardoso<\/h2>\n<p align=\"justify\"><img decoding=\"async\" loading=\"lazy\" class=\"size-medium wp-image-368 aligncenter\" src=\"https:\/\/memolutas.univasf.edu.br\/wp-content\/uploads\/2022\/04\/Gabriel-Pugliese-300x225.jpg\" alt=\"\" width=\"300\" height=\"225\" srcset=\"https:\/\/memolutas.univasf.edu.br\/wp-content\/uploads\/2022\/04\/Gabriel-Pugliese-300x225.jpg 300w, https:\/\/memolutas.univasf.edu.br\/wp-content\/uploads\/2022\/04\/Gabriel-Pugliese-1024x768.jpg 1024w, https:\/\/memolutas.univasf.edu.br\/wp-content\/uploads\/2022\/04\/Gabriel-Pugliese-768x576.jpg 768w, https:\/\/memolutas.univasf.edu.br\/wp-content\/uploads\/2022\/04\/Gabriel-Pugliese.jpg 1280w\" sizes=\"(max-width: 300px) 100vw, 300px\" \/><br \/>\nPossui gradua\u00e7\u00e3o em Ci\u00eancias Sociais pela Funda\u00e7\u00e3o Escola de Sociologia e Pol\u00edtica de S\u00e3o Paulo (2005), mestrado em Ci\u00eancia Social (Antropologia Social) pela Universidade de S\u00e3o Paulo (2009) e doutorado em Ci\u00eancia Social (Antropologia Social) tamb\u00e9m pela Universidade de S\u00e3o Paulo (2015). Atualmente \u00e9 professor de antropologia na Universidade Federal do Vale do S\u00e3o Francisco. Tem experi\u00eancia na \u00e1rea de Antropologia, com \u00eanfase em teoria antropol\u00f3gica, atuando principalmente nos seguintes temas: pol\u00edtica, ci\u00eancia e poder.<\/p>\n<h2 style=\"text-align: center;\" align=\"justify\">Janedalva Pontes Gondim<\/h2>\n<p align=\"justify\"><img decoding=\"async\" loading=\"lazy\" class=\"size-medium wp-image-367 aligncenter\" src=\"https:\/\/memolutas.univasf.edu.br\/wp-content\/uploads\/2022\/04\/Janedalva-243x300.jpg\" alt=\"\" width=\"243\" height=\"300\" srcset=\"https:\/\/memolutas.univasf.edu.br\/wp-content\/uploads\/2022\/04\/Janedalva-243x300.jpg 243w, https:\/\/memolutas.univasf.edu.br\/wp-content\/uploads\/2022\/04\/Janedalva-830x1024.jpg 830w, https:\/\/memolutas.univasf.edu.br\/wp-content\/uploads\/2022\/04\/Janedalva-768x948.jpg 768w, https:\/\/memolutas.univasf.edu.br\/wp-content\/uploads\/2022\/04\/Janedalva.jpg 1080w\" sizes=\"(max-width: 243px) 100vw, 243px\" \/><br \/>\nDoutora em Sociologia pela Universidade Federal de Pernambuco (2016). Mestre em Educa\u00e7\u00e3o na linha de pesquisa Pol\u00edticas Educacionais pela Universidade Federal da Para\u00edba (2009). Possui especializa\u00e7\u00e3o em Educa\u00e7\u00e3o pela Universidade Federal de Campina Grande (2004) e gradua\u00e7\u00e3o em Pedagogia pela Universidade Estadual da Para\u00edba (2002). Atualmente \u00e9 professora Adjunta da Universidade Federal do Vale do S\u00e3o Francisco (Univasf), atuando nos cursos de Artes Visuais e no ProfSocio no qual est\u00e1 como vice-coordenadora na gest\u00e3o 2020\/2021-2023. Foi Coordenadora Institucional do Pibid\/Univasf de 08\/2018 \u00e0 04\/2020. Coordenou o Pibid Arte 2020-2022. Principais linhas de interesse: forma\u00e7\u00e3o de professores, curr\u00edculo e doc\u00eancia em Artes Visuais, produ\u00e7\u00e3o e circula\u00e7\u00e3o da arte.<\/p>\n<h2 style=\"text-align: center;\" align=\"justify\">Leonardo Milanez de Lima Leandro<\/h2>\n<p align=\"justify\"><img decoding=\"async\" loading=\"lazy\" class=\"size-medium wp-image-332 aligncenter\" src=\"https:\/\/memolutas.univasf.edu.br\/wp-content\/uploads\/2022\/04\/Leonardo-Leandro-300x300.jpg\" alt=\"\" width=\"300\" height=\"300\" srcset=\"https:\/\/memolutas.univasf.edu.br\/wp-content\/uploads\/2022\/04\/Leonardo-Leandro-300x300.jpg 300w, https:\/\/memolutas.univasf.edu.br\/wp-content\/uploads\/2022\/04\/Leonardo-Leandro-150x150.jpg 150w, https:\/\/memolutas.univasf.edu.br\/wp-content\/uploads\/2022\/04\/Leonardo-Leandro-100x100.jpg 100w, https:\/\/memolutas.univasf.edu.br\/wp-content\/uploads\/2022\/04\/Leonardo-Leandro.jpg 640w\" sizes=\"(max-width: 300px) 100vw, 300px\" \/><\/p>\n<p align=\"justify\">Professor do Colegiado de Administra\u00e7\u00e3o da Universidade Federal do Vale do S\u00e3o Francisco (UNIVASF). Doutor em Ci\u00eancias \u2013 Desenvolvimento Socioambiental e Mestre em Planejamento do Desenvolvimento pelo N\u00facleo de Altos Estudos Amaz\u00f4nicos da Universidade Federal do Par\u00e1, com p\u00f3s-doutorado em Economia Aplicada pela Faculdade de Economia, Administra\u00e7\u00e3o e Contabilidade de Ribeir\u00e3o Preto, da Universidade de S\u00e3o Paulo. Graduado em Administra\u00e7\u00e3o de Empresas pela Faculdade de Olinda. L\u00edder no N\u00facleo de Estudos Interdisciplinares: Hist\u00f3ria, Economia e Tecnologias, onde se dedica a pesquisar quest\u00f5es no campo da Hist\u00f3ria Econ\u00f4mica, especialmente cr\u00e9dito hipotec\u00e1rio, forma\u00e7\u00e3o econ\u00f4mica e tecnologias sociais.<\/p>\n<h2 style=\"text-align: center;\" align=\"justify\">Monica Aparecida Tom\u00e9 Pereira<\/h2>\n<p><img decoding=\"async\" loading=\"lazy\" class=\"size-medium wp-image-365 aligncenter\" src=\"https:\/\/memolutas.univasf.edu.br\/wp-content\/uploads\/2022\/04\/Monica-Tome-300x233.jpg\" alt=\"\" width=\"300\" height=\"233\" srcset=\"https:\/\/memolutas.univasf.edu.br\/wp-content\/uploads\/2022\/04\/Monica-Tome-300x233.jpg 300w, https:\/\/memolutas.univasf.edu.br\/wp-content\/uploads\/2022\/04\/Monica-Tome-1024x797.jpg 1024w, https:\/\/memolutas.univasf.edu.br\/wp-content\/uploads\/2022\/04\/Monica-Tome-768x597.jpg 768w, https:\/\/memolutas.univasf.edu.br\/wp-content\/uploads\/2022\/04\/Monica-Tome-1536x1195.jpg 1536w, https:\/\/memolutas.univasf.edu.br\/wp-content\/uploads\/2022\/04\/Monica-Tome.jpg 1855w\" sizes=\"(max-width: 300px) 100vw, 300px\" \/><\/p>\n<p align=\"justify\">Professora do Colegiado de Psicologia da Universidade Federal do Vale do S\u00e3o Francisco (UNIVASF). Bacharela (UNESP) e mestra (UFLA) em Estat\u00edstica e Doutora em Demografia (UNICAMP). Pesquisadora do Grupo de Pesquisa &#8220;Laborat\u00f3rio em Estat\u00edstica Aplicada e Estudos Demogr\u00e1ficos (LEAED) e coordenadora do Mestrado em Extens\u00e3o Rural (PPGExR\/UNIVASF). Atua nos cursos de Psicologia, Enfermagem e Engenharias. A agenda de pesquisa envolve as tem\u00e1ticas de: desenvolvimento regional; migra\u00e7\u00e3o; indicadores sociais, demogr\u00e1ficos e de melhoria das condi\u00e7\u00f5es de vida no contexto rural, nos pequenos e m\u00e9dios munic\u00edpios do P\u00f3lo Petrolina-PE e Juazeiro-BA.<\/p>\n<h2 style=\"text-align: center;\" align=\"justify\">Paulo Jos\u00e9 Pereira<\/h2>\n<p align=\"justify\"><img decoding=\"async\" loading=\"lazy\" class=\"size-medium wp-image-375 aligncenter\" src=\"https:\/\/memolutas.univasf.edu.br\/wp-content\/uploads\/2022\/04\/Paulo-225x300.jpg\" alt=\"\" width=\"225\" height=\"300\" srcset=\"https:\/\/memolutas.univasf.edu.br\/wp-content\/uploads\/2022\/04\/Paulo-225x300.jpg 225w, https:\/\/memolutas.univasf.edu.br\/wp-content\/uploads\/2022\/04\/Paulo-768x1024.jpg 768w, https:\/\/memolutas.univasf.edu.br\/wp-content\/uploads\/2022\/04\/Paulo-1152x1536.jpg 1152w, https:\/\/memolutas.univasf.edu.br\/wp-content\/uploads\/2022\/04\/Paulo-1536x2048.jpg 1536w, https:\/\/memolutas.univasf.edu.br\/wp-content\/uploads\/2022\/04\/Paulo.jpg 1691w\" sizes=\"(max-width: 225px) 100vw, 225px\" \/><br \/>\nPossui gradua\u00e7\u00e3o em Estat\u00edstica pela Universidade Estadual Paulista J\u00falio de Mesquita Filho &#8211; UNESP (1996), mestrado em Agronomia (Estat\u00edstica e Experimenta\u00e7\u00e3o Agropecu\u00e1ria) pela Universidade Federal de Lavras &#8211; UFLA (2002) e doutorado em Demografia pela Universidade Estadual de Campinas &#8211; UNICAMP (2012). Desde 2005 \u00e9 Professor da Universidade Federal do Vale do S\u00e3o Francisco &#8211; UNIVASF na \u00e1rea de Probabilidade e Estat\u00edstica. Tem experi\u00eancia nas \u00e1reas de Estat\u00edstica e Demografia, atuando principalmente com nos seguintes temas: An\u00e1lise Regress\u00e3o, An\u00e1lise de Sobreviv\u00eancia, Estat\u00edstica Experimental, Direitos das crian\u00e7as e adolescentes e Ado\u00e7\u00e3o. Al\u00e9m de fazer parte o grupo de pesquisa &#8220;Laborat\u00f3rio de Estat\u00edstica Aplicada e Estudos Demogr\u00e1ficos &#8211; LEAED&#8221;, \u00e9 professor permanenente nos Mestrados Profissionais em Matem\u00e1tica em Rede Nacional (Profmat) e de Extens\u00e3o Rural da UNIVASF.<\/p>\n","protected":false},"excerpt":{"rendered":"<p>Adalton Marques Professor do Colegiado de Ci\u00eancias Sociais da Universidade Federal do Vale do S\u00e3o Francisco (UNIVASF). Doutor em Antropologia Social pela Universidade Federal de S\u00e3o Carlos (UFSCar). Mestre em Antropologia Social pela Universidade de S\u00e3o Paulo (USP). Graduado em Sociologia e Pol\u00edtica pela Funda\u00e7\u00e3o Escola de Sociologia e Pol\u00edtica de S\u00e3o Paulo (FESPSP). \u00c9 &hellip; <\/p>\n<p class=\"link-more\"><a href=\"https:\/\/memolutas.univasf.edu.br\/index.php\/docentes\/\" class=\"more-link\">Continue lendo<span class=\"screen-reader-text\"> &#8220;Docentes&#8221;<\/span><\/a><\/p>\n","protected":false},"author":1,"featured_media":0,"parent":0,"menu_order":0,"comment_status":"closed","ping_status":"closed","template":"","meta":{"footnotes":""},"_links":{"self":[{"href":"https:\/\/memolutas.univasf.edu.br\/index.php\/wp-json\/wp\/v2\/pages\/39"}],"collection":[{"href":"https:\/\/memolutas.univasf.edu.br\/index.php\/wp-json\/wp\/v2\/pages"}],"about":[{"href":"https:\/\/memolutas.univasf.edu.br\/index.php\/wp-json\/wp\/v2\/types\/page"}],"author":[{"embeddable":true,"href":"https:\/\/memolutas.univasf.edu.br\/index.php\/wp-json\/wp\/v2\/users\/1"}],"replies":[{"embeddable":true,"href":"https:\/\/memolutas.univasf.edu.br\/index.php\/wp-json\/wp\/v2\/comments?post=39"}],"version-history":[{"count":14,"href":"https:\/\/memolutas.univasf.edu.br\/index.php\/wp-json\/wp\/v2\/pages\/39\/revisions"}],"predecessor-version":[{"id":376,"href":"https:\/\/memolutas.univasf.edu.br\/index.php\/wp-json\/wp\/v2\/pages\/39\/revisions\/376"}],"wp:attachment":[{"href":"https:\/\/memolutas.univasf.edu.br\/index.php\/wp-json\/wp\/v2\/media?parent=39"}],"curies":[{"name":"wp","href":"https:\/\/api.w.org\/{rel}","templated":true}]}}