{"id":34,"date":"2022-03-25T16:52:24","date_gmt":"2022-03-25T19:52:24","guid":{"rendered":"https:\/\/memolutas.univasf.edu.br\/?page_id=34"},"modified":"2022-04-26T19:22:18","modified_gmt":"2022-04-26T22:22:18","slug":"projetos-de-modernizacao","status":"publish","type":"page","link":"https:\/\/memolutas.univasf.edu.br\/index.php\/projetos-de-modernizacao\/","title":{"rendered":"Projetos de &#8220;moderniza\u00e7\u00e3o&#8221; e resist\u00eancias populares (Adalton Marques)"},"content":{"rendered":"<div class=\"gmail_default\">\n<p align=\"justify\">A proposta deste\u00a0grupo de trabalho consiste em\u00a0acolher mem\u00f3rias e\u00a0reabrir arquivos e bibliografias que\u00a0tratam\u00a0dos processos de\u00a0<i>aproveitamento econ\u00f4mico<\/i>\u00a0do Vale do Subm\u00e9dio S\u00e3o Francisco desde, pelo menos, a d\u00e9cada de 1940, sem perder de vista as resist\u00eancias populares que lhes fizeram frente. H\u00e1\u00a0quatro\u00a0objetivos centrais implicados nesta proposta:\u00a01)\u00a0explicitar o privil\u00e9gio empres\u00e1rio-governamental \u00e0\u00a0<i>moderniza\u00e7\u00e3o\u00a0<\/i>latifundi\u00e1ria (mecaniza\u00e7\u00e3o, hiper-irriga\u00e7\u00e3o, agro exporta\u00e7\u00e3o), \u00e0s v\u00e1rias frentes de explora\u00e7\u00e3o de matrizes energ\u00e9ticas (h\u00eddrica, e\u00f3lica, solar, mineral) e \u00e0s redes de ilegalismos em torno das grilagens que foram abertas por esses processos;\u00a02) construir minuciosas rela\u00e7\u00f5es dos efeitos mort\u00edferos disparados por esses investimentos; 3) evidenciar os modos pelos quais esses processos de\u00a0<i>moderniza\u00e7\u00e3o<\/i>\u00a0inviabilizam e, no limite, destroem comunidades cujas formas de vida conjuram o estrito<i>\u00a0aproveitamento econ\u00f4mico<\/i>\u00a0em suas rela\u00e7\u00f5es ecol\u00f3gicas; e 4)\u00a0compreender as m\u00faltiplas formas de resist\u00eancia que essas comunidades articulam,\u00a0seja\u00a0para barrar esses processos,\u00a0seja para adi\u00e1-los indeterminadamente, o que parece sempre implicar na reinven\u00e7\u00e3o de seus pr\u00f3prios modos de exist\u00eancia.\u00a0Entendemos que a forma\u00e7\u00e3o de um acervo sobre essa tem\u00e1tica poder\u00e1 contribuir\u00a0para apoiar as lutas contempor\u00e2neas de diversas comunidades que lidam com grandes empreendimentos energ\u00e9ticos similares aos que v\u00eam se repetindo na regi\u00e3o h\u00e1 pelo menos cinquenta anos, bem como para qualificar o debate p\u00fablico a respeito dos sentidos do\u00a0<i>desenvolvimento<\/i>.<\/p>\n<h2 style=\"text-align: center;\" align=\"justify\">Produ\u00e7\u00f5es relativas \u00e0 oferta 2021-1<\/h2>\n<p><a href=\"https:\/\/memolutas.univasf.edu.br\/wp-content\/uploads\/2022\/04\/A-construcao-e-as-consequencias-da-barragem-de-Sobradinho.pdf\" target=\"_blank\" rel=\"noopener\">Artigo &#8211; A constru\u00e7\u00e3o e as consequ\u00eancias da barragem de Sobradinho<\/a><\/p>\n<\/div>\n<div class=\"gmail_default\"><\/div>\n","protected":false},"excerpt":{"rendered":"<p>A proposta deste\u00a0grupo de trabalho consiste em\u00a0acolher mem\u00f3rias e\u00a0reabrir arquivos e bibliografias que\u00a0tratam\u00a0dos processos de\u00a0aproveitamento econ\u00f4mico\u00a0do Vale do Subm\u00e9dio S\u00e3o Francisco desde, pelo menos, a d\u00e9cada de 1940, sem perder de vista as resist\u00eancias populares que lhes fizeram frente. H\u00e1\u00a0quatro\u00a0objetivos centrais implicados nesta proposta:\u00a01)\u00a0explicitar o privil\u00e9gio empres\u00e1rio-governamental \u00e0\u00a0moderniza\u00e7\u00e3o\u00a0latifundi\u00e1ria (mecaniza\u00e7\u00e3o, hiper-irriga\u00e7\u00e3o, agro exporta\u00e7\u00e3o), \u00e0s v\u00e1rias frentes &hellip; <\/p>\n<p class=\"link-more\"><a href=\"https:\/\/memolutas.univasf.edu.br\/index.php\/projetos-de-modernizacao\/\" class=\"more-link\">Continue lendo<span class=\"screen-reader-text\"> &#8220;Projetos de &#8220;moderniza\u00e7\u00e3o&#8221; e resist\u00eancias populares (Adalton Marques)&#8221;<\/span><\/a><\/p>\n","protected":false},"author":1,"featured_media":0,"parent":0,"menu_order":0,"comment_status":"closed","ping_status":"closed","template":"","meta":{"footnotes":""},"_links":{"self":[{"href":"https:\/\/memolutas.univasf.edu.br\/index.php\/wp-json\/wp\/v2\/pages\/34"}],"collection":[{"href":"https:\/\/memolutas.univasf.edu.br\/index.php\/wp-json\/wp\/v2\/pages"}],"about":[{"href":"https:\/\/memolutas.univasf.edu.br\/index.php\/wp-json\/wp\/v2\/types\/page"}],"author":[{"embeddable":true,"href":"https:\/\/memolutas.univasf.edu.br\/index.php\/wp-json\/wp\/v2\/users\/1"}],"replies":[{"embeddable":true,"href":"https:\/\/memolutas.univasf.edu.br\/index.php\/wp-json\/wp\/v2\/comments?post=34"}],"version-history":[{"count":13,"href":"https:\/\/memolutas.univasf.edu.br\/index.php\/wp-json\/wp\/v2\/pages\/34\/revisions"}],"predecessor-version":[{"id":378,"href":"https:\/\/memolutas.univasf.edu.br\/index.php\/wp-json\/wp\/v2\/pages\/34\/revisions\/378"}],"wp:attachment":[{"href":"https:\/\/memolutas.univasf.edu.br\/index.php\/wp-json\/wp\/v2\/media?parent=34"}],"curies":[{"name":"wp","href":"https:\/\/api.w.org\/{rel}","templated":true}]}}