{"id":253,"date":"2022-04-01T21:03:40","date_gmt":"2022-04-02T00:03:40","guid":{"rendered":"https:\/\/memolutas.univasf.edu.br\/?page_id=253"},"modified":"2022-04-22T20:50:39","modified_gmt":"2022-04-22T23:50:39","slug":"historias-e-lutas-dos-movimentos-de-juventude","status":"publish","type":"page","link":"https:\/\/memolutas.univasf.edu.br\/index.php\/historias-e-lutas-dos-movimentos-de-juventude\/","title":{"rendered":"Hist\u00f3rias e lutas dos movimentos de juventude (Paulo Jos\u00e9 Pereira)"},"content":{"rendered":"<p align=\"justify\">Desenvolver um trabalho que estabele\u00e7a, com base no hist\u00f3rico de lutas de movimentos sociais de juventude articulado na regi\u00e3o do Vale do S\u00e3o Francisco, um debate sobre como foram constru\u00eddas as pautas ao longo dos anos e como a atua\u00e7\u00e3o destes movimentos dialoga com o combate as desigualdades sociais no Brasil. Nesse contexto, diversas tem\u00e1ticas poder\u00e3o ser abordadas, entre elas, o acesso a uma educa\u00e7\u00e3o de qualidade, o atendimento \u00e0 sa\u00fade, o combate ao racismo, a mobilidade urbana, a defesa do meio ambiente e a viol\u00eancia contra mulheres, crian\u00e7as e adolescentes. Al\u00e9m da constru\u00e7\u00e3o de uma revis\u00e3o de literatura que aborde as diversas a\u00e7\u00f5es de movimentos sociais de juventude na regi\u00e3o e no pa\u00eds, este grupo de trabalho tamb\u00e9m ter\u00e1, ao longo dos semestres, as seguintes atividades:<\/p>\n<ul>\n<li>\n<p align=\"justify\">Realiza\u00e7\u00e3o de debates sobre temas que fazem parte do escopo do estudo;<\/p>\n<\/li>\n<li>\n<p align=\"justify\">Aplica\u00e7\u00e3o de question\u00e1rio aos que fazem ou fizeram parte dos movimentos;<\/p>\n<\/li>\n<li>\n<p align=\"justify\">Elabora\u00e7\u00e3o de v\u00eddeos ou podcasts com entrevistas que abordem as tem\u00e1ticas;<\/p>\n<\/li>\n<li>\n<p align=\"justify\">An\u00e1lise dos resultados encontrados com a aplica\u00e7\u00e3o do question\u00e1rio elaborado;<\/p>\n<\/li>\n<li>\n<p align=\"justify\">Apresenta\u00e7\u00e3o e avalia\u00e7\u00e3o das atividades realizadas.<\/p>\n<\/li>\n<\/ul>\n<h2 style=\"text-align: center;\" align=\"justify\">Produ\u00e7\u00f5es relativas \u00e0 oferta 2021-1<\/h2>\n<p><a href=\"https:\/\/memolutas.univasf.edu.br\/wp-content\/uploads\/2022\/04\/Juventude-e-educacao.pdf\" target=\"_blank\" rel=\"noopener\">Artigo &#8211; Juventude e educa\u00e7\u00e3o: A UESP como Movimento de Luta no Vale do S\u00e3o Francisco<\/a><\/p>\n<p><a href=\"https:\/\/drive.google.com\/file\/d\/1cJvOhj8l4I97-5S6f3UOUmjr9jPjL6hl\/view?usp=sharing\" target=\"_blank\" rel=\"noopener\">V\u00eddeo sobre a Uni\u00e3o dos Estudantes Secundaristas de Petrolina (UESP)<\/a><\/p>\n","protected":false},"excerpt":{"rendered":"<p>Desenvolver um trabalho que estabele\u00e7a, com base no hist\u00f3rico de lutas de movimentos sociais de juventude articulado na regi\u00e3o do Vale do S\u00e3o Francisco, um debate sobre como foram constru\u00eddas as pautas ao longo dos anos e como a atua\u00e7\u00e3o destes movimentos dialoga com o combate as desigualdades sociais no Brasil. Nesse contexto, diversas tem\u00e1ticas &hellip; <\/p>\n<p class=\"link-more\"><a href=\"https:\/\/memolutas.univasf.edu.br\/index.php\/historias-e-lutas-dos-movimentos-de-juventude\/\" class=\"more-link\">Continue lendo<span class=\"screen-reader-text\"> &#8220;Hist\u00f3rias e lutas dos movimentos de juventude (Paulo Jos\u00e9 Pereira)&#8221;<\/span><\/a><\/p>\n","protected":false},"author":1,"featured_media":0,"parent":0,"menu_order":0,"comment_status":"closed","ping_status":"closed","template":"","meta":{"footnotes":""},"_links":{"self":[{"href":"https:\/\/memolutas.univasf.edu.br\/index.php\/wp-json\/wp\/v2\/pages\/253"}],"collection":[{"href":"https:\/\/memolutas.univasf.edu.br\/index.php\/wp-json\/wp\/v2\/pages"}],"about":[{"href":"https:\/\/memolutas.univasf.edu.br\/index.php\/wp-json\/wp\/v2\/types\/page"}],"author":[{"embeddable":true,"href":"https:\/\/memolutas.univasf.edu.br\/index.php\/wp-json\/wp\/v2\/users\/1"}],"replies":[{"embeddable":true,"href":"https:\/\/memolutas.univasf.edu.br\/index.php\/wp-json\/wp\/v2\/comments?post=253"}],"version-history":[{"count":17,"href":"https:\/\/memolutas.univasf.edu.br\/index.php\/wp-json\/wp\/v2\/pages\/253\/revisions"}],"predecessor-version":[{"id":356,"href":"https:\/\/memolutas.univasf.edu.br\/index.php\/wp-json\/wp\/v2\/pages\/253\/revisions\/356"}],"wp:attachment":[{"href":"https:\/\/memolutas.univasf.edu.br\/index.php\/wp-json\/wp\/v2\/media?parent=253"}],"curies":[{"name":"wp","href":"https:\/\/api.w.org\/{rel}","templated":true}]}}